{"id":156,"date":"2024-12-26T06:11:23","date_gmt":"2024-12-26T06:11:23","guid":{"rendered":"https:\/\/ceeci.mx\/servicios\/?page_id=156"},"modified":"2024-12-26T06:11:54","modified_gmt":"2024-12-26T06:11:54","slug":"aviso-privacidad","status":"publish","type":"page","link":"https:\/\/ceeci.mx\/servicios\/aviso-privacidad\/","title":{"rendered":"Aviso de privacidad"},"content":{"rendered":"<p>[et_pb_section fb_built=&#8221;1&#8243; custom_padding_last_edited=&#8221;on|tablet&#8221; admin_label=&#8221;Header&#8221; _builder_version=&#8221;4.18.0&#8243; _module_preset=&#8221;default&#8221; use_background_color_gradient=&#8221;on&#8221; background_color_gradient_stops=&#8221;rgba(0,0,0,0) 0%|#000000 86%&#8221; background_color_gradient_overlays_image=&#8221;on&#8221; background_image=&#8221;https:\/\/ceeci.mx\/servicios\/wp-content\/uploads\/2024\/12\/web-developer-28.jpg&#8221; custom_padding=&#8221;20%||||false|false&#8221; custom_padding_tablet=&#8221;60px||||false|false&#8221; custom_padding_phone=&#8221;60px||||false|false&#8221; collapsed=&#8221;on&#8221; global_colors_info=&#8221;{}&#8221; theme_builder_area=&#8221;post_content&#8221;][et_pb_row _builder_version=&#8221;4.18.0&#8243; _module_preset=&#8221;default&#8221; global_colors_info=&#8221;{}&#8221; theme_builder_area=&#8221;post_content&#8221;][et_pb_column type=&#8221;4_4&#8243; _builder_version=&#8221;4.18.0&#8243; _module_preset=&#8221;default&#8221; global_colors_info=&#8221;{}&#8221; theme_builder_area=&#8221;post_content&#8221;][et_pb_text _builder_version=&#8221;4.18.0&#8243; _module_preset=&#8221;e6504a1b-67eb-4b3d-b023-bcab277610b6&#8243; header_4_font=&#8221;Archivo|700||on|||||&#8221; header_4_text_color=&#8221;gcid-f1414204-51c0-48ff-bc68-c545a86d03e7&#8243; header_4_font_size=&#8221;14px&#8221; header_4_letter_spacing=&#8221;1px&#8221; header_4_line_height=&#8221;1.5em&#8221; text_orientation=&#8221;center&#8221; custom_margin=&#8221;||0px||false|false&#8221; global_colors_info=&#8221;{%22gcid-f1414204-51c0-48ff-bc68-c545a86d03e7%22:%91%22header_4_text_color%22%93}&#8221; theme_builder_area=&#8221;post_content&#8221;]<\/p>\n<h4>CEECI<\/h4>\n<p>[\/et_pb_text][et_pb_text _builder_version=&#8221;4.18.0&#8243; _module_preset=&#8221;c16985e1-e0d6-4022-964d-e2bfc04fa633&#8243; header_font=&#8221;Roboto|700|||||||&#8221; header_text_color=&#8221;gcid-6171fd24-b893-4d22-843a-f4129850a5c1&#8243; header_font_size=&#8221;75px&#8221; header_line_height=&#8221;1.2em&#8221; text_orientation=&#8221;center&#8221; header_font_size_tablet=&#8221;40px&#8221; header_font_size_phone=&#8221;24px&#8221; header_font_size_last_edited=&#8221;on|desktop&#8221; global_colors_info=&#8221;{%22gcid-6171fd24-b893-4d22-843a-f4129850a5c1%22:%91%22header_text_color%22%93}&#8221; theme_builder_area=&#8221;post_content&#8221;]<\/p>\n<h1>AVISO DE PRIVACIDAD<\/h1>\n<p>[\/et_pb_text][\/et_pb_column][\/et_pb_row][et_pb_row _builder_version=&#8221;4.18.0&#8243; _module_preset=&#8221;default&#8221; max_width=&#8221;700px&#8221; global_colors_info=&#8221;{}&#8221; theme_builder_area=&#8221;post_content&#8221;][et_pb_column type=&#8221;4_4&#8243; _builder_version=&#8221;4.18.0&#8243; _module_preset=&#8221;default&#8221; global_colors_info=&#8221;{}&#8221; theme_builder_area=&#8221;post_content&#8221;][et_pb_divider color=&#8221;gcid-6171fd24-b893-4d22-843a-f4129850a5c1&#8243; divider_weight=&#8221;4px&#8221; _builder_version=&#8221;4.18.0&#8243; _module_preset=&#8221;default&#8221; max_width=&#8221;300px&#8221; module_alignment=&#8221;center&#8221; global_colors_info=&#8221;{%22gcid-6171fd24-b893-4d22-843a-f4129850a5c1%22:%91%22color%22%93}&#8221; theme_builder_area=&#8221;post_content&#8221;][\/et_pb_divider][\/et_pb_column][\/et_pb_row][\/et_pb_section][et_pb_section fb_built=&#8221;1&#8243; admin_label=&#8221;Blog&#8221; _builder_version=&#8221;4.18.0&#8243; _module_preset=&#8221;default&#8221; background_color=&#8221;gcid-2cf18f4b-ad1d-4daf-a40a-75be4919065f&#8221; collapsed=&#8221;on&#8221; global_colors_info=&#8221;{%22gcid-2cf18f4b-ad1d-4daf-a40a-75be4919065f%22:%91%22background_color%22%93}&#8221; theme_builder_area=&#8221;post_content&#8221;][et_pb_row _builder_version=&#8221;4.27.4&#8243; _module_preset=&#8221;default&#8221; theme_builder_area=&#8221;post_content&#8221;][et_pb_column _builder_version=&#8221;4.27.4&#8243; _module_preset=&#8221;default&#8221; type=&#8221;4_4&#8243; theme_builder_area=&#8221;post_content&#8221;][et_pb_text _builder_version=&#8221;4.27.4&#8243; _module_preset=&#8221;default&#8221; theme_builder_area=&#8221;post_content&#8221; hover_enabled=&#8221;0&#8243; sticky_enabled=&#8221;0&#8243; text_text_color=&#8221;#dddddd&#8221; link_text_color=&#8221;#EDF000&#8243;]<\/p>\n<p><b>IDENTIDAD DEL RESPONSABLE.<\/b><\/p>\n<p><b>CEECI,<\/b> <span style=\"font-weight: 400;\">cumple con el manejo leg\u00edtimo, controlado, seguro y responsable de sus \u201cDatos Personales\u201d, a fin de dar cumplimiento a lo establecido en la Ley Federal de Protecci\u00f3n de Datos Personales en Posesi\u00f3n de los Particulares y su reglamento, en lo sucesivo la legislaci\u00f3n aplicable, con domicilio en\u00a0Bulevar Atlixcayotl 1499, Colonia Reserva Territorial Atlixcayotl, Puebla, Puebla. Hace de su conocimiento que tratar\u00e1 los datos personales y datos personales sensibles, que a continuaci\u00f3n, se enlistan, para los fines indicados en el presente Aviso de Privacidad.\u00a0<\/span><\/p>\n<ul>\n<li aria-level=\"1\"><b>DATOS QUE SER\u00c1N SOMETIDOS A TRATAMIENTO.<\/b><\/li>\n<\/ul>\n<p><span style=\"font-weight: 400;\">1) Datos de identificaci\u00f3n.\u00a0<\/span><\/p>\n<p><span style=\"font-weight: 400;\">2) Datos de contacto.\u00a0<\/span><\/p>\n<p><span style=\"font-weight: 400;\">3) Financieros y\/o patrimoniales.<\/span><\/p>\n<p><span style=\"font-weight: 400;\">4) Datos laborales.<\/span><\/p>\n<p><span style=\"font-weight: 400;\">5) Datos acad\u00e9micos.\u00a0<\/span><\/p>\n<p><span style=\"font-weight: 400;\">6) Referencias Personales.<\/span><\/p>\n<p><span style=\"font-weight: 400;\">7) En caso de tratarse de Extranjeros: Datos de tr\u00e1nsito, migratorios, pa\u00eds de origen y domicilio de pa\u00eds de origen.<\/span><\/p>\n<p><span style=\"font-weight: 400;\">8) Datos sobre servidores web, contrase\u00f1as, redes sociales.\u00a0<\/span><\/p>\n<p><span style=\"font-weight: 400;\">9) Datos de software, dominios, marcas, dise\u00f1os graficos, laborales.<\/span><\/p>\n<p><span style=\"font-weight: 400;\">10) Datos sobre su centro de trabajo, como Licencias, Permisos, Contratos, C\u00e1maras de seguridad.<\/span><\/p>\n<p><span style=\"font-weight: 400;\">Los Datos Personales, recabados o que se recaben y\/o se generen para los fines de la relaci\u00f3n\u00a0 que se tenga celebrada o se celebre con CEECI ser\u00e1n utilizados \u00fanicamente para cumplir el objeto de dicha relaci\u00f3n pre establecida, de capacitaci\u00f3n, laboral o colaboraci\u00f3n , en total apego con lo dispuesto en este Aviso de Privacidad.<\/span><\/p>\n<ul>\n<li aria-level=\"1\"><b>DE LA OBTENCI\u00d3N DE LOS DATOS PERSONALES.<\/b><\/li>\n<\/ul>\n<p><b>CEECI<\/b><b><i>. <\/i><\/b><span style=\"font-weight: 400;\">Podr\u00e1 recabar sus datos ya sea de manera directa, por solicitud de los servicios, formatos institucionales, por medios f\u00edsicos, electr\u00f3nicos, video llamadas, llamadas, correo, p\u00e1gina web o apps.\u00a0<\/span><\/p>\n<p><span style=\"font-weight: 400;\">Tambi\u00e9n se podr\u00e1n recabar de manera indirecta, mediante transferencias que se realicen por conducto de personas f\u00edsicas o morales autorizadas, que se hayan obtenido en virtud de haber sido recabados con motivo de la operaci\u00f3n derivada del contrato de cualquiera de nuestros paquetes ofertados, de la relaci\u00f3n que se tenga, o que en su caso se vaya a celebrar.<\/span><\/p>\n<p><span style=\"font-weight: 400;\">En caso de que los datos personales se refieran a personas f\u00edsicas distintas al contratante o aprendiz, \u00e9ste garantiza haber recabado y contar con el consentimiento previo de los mismos para la comunicaci\u00f3n de sus datos y haberles informado con car\u00e1cter previo a la transmisi\u00f3n de sus datos, de las finalidades del tratamiento, previstos en el presente Aviso de Privacidad. Los datos personales sensibles y financieros que se proporcionen, ser\u00e1n tratados y resguardados con un alto est\u00e1ndar de seguridad y estricta confidencialidad.<\/span><\/p>\n<ul>\n<li aria-level=\"1\"><b>FINALIDAD DEL TRATAMIENTO DE LOS DATOS PERSONALES RECABADOS.<\/b><\/li>\n<\/ul>\n<p><span style=\"font-weight: 400;\">Los Datos recabados se tratar\u00e1n para todos los fines vinculados con la relaci\u00f3n contractual que tengamos celebrada o en su caso se vaya a celebrar con Usted. Se utilizar\u00e1n para todos los fines relacionados con el cumplimiento de nuestras obligaciones de conformidad con lo establecido en la Ley.<\/span><\/p>\n<p><span style=\"font-weight: 400;\">Para la emisi\u00f3n del contrato de prestaci\u00f3n de servicios profesionales, tramitaci\u00f3n, investigaci\u00f3n, verificaci\u00f3n, validaci\u00f3n y confirmaci\u00f3n de los datos para la cotizaci\u00f3n y ofrecimiento de paquetes previamente solicitados; cobro, administraci\u00f3n, facturaci\u00f3n, mantenimiento o renovaci\u00f3n de contrato. Asesor\u00eda, dictaminar, prestadores de servicios, o encargados, con el fin de que est\u00e9n en posibilidad de prestar servicios relacionados con la educaci\u00f3n, desarrolladores de proyectos, capacitaciones.<\/span><\/p>\n<p><span style=\"font-weight: 400;\">Visitantes: Todos los datos personales, fotograf\u00eda y documento de identificaci\u00f3n, que sean solicitados para registrar el acceso a nuestras oficinas, se utilizar\u00e1n para todos los fines vinculados con el acceso, control y seguridad dentro de las instalaciones de la empresa. Hacemos de su conocimiento que la empresa cuenta con sistema de circuito cerrado (de c\u00e1maras de video vigilancia y micr\u00f3fonos). Las im\u00e1genes captadas y sonidos grabados ser\u00e1n utilizadas para su seguridad y de las personas que nos visitan, el tratamiento de estas grabaciones es de uso interno, y se conservar\u00e1n para fines de seguridad.<\/span><\/p>\n<p><span style=\"font-weight: 400;\"><\/span><\/p>\n<p>&nbsp;<\/p>\n<ul>\n<li aria-level=\"1\"><b>FINALIDAD SECUNDARIAS DEL TRATAMIENTO.<\/b><\/li>\n<\/ul>\n<p><span style=\"font-weight: 400;\">Sus datos personales se tratar\u00e1n para el ofrecimiento, promoci\u00f3n y venta de bienes, productos y servicios y\/o prospecci\u00f3n comercial; ya sea por medio f\u00edsico o electr\u00f3nico, incluyendo correo ordinario, correo electr\u00f3nico, mensajes de texto, llamadas telef\u00f3nicas, personalmente o por conducto de agentes, distribuidores, empresas de telemercadeo o cualquier otra persona autorizada al efecto por <\/span><b>CEECI<\/b><b><i>.<\/i><\/b><span style=\"font-weight: 400;\"> en cuyo caso se entender\u00e1 aceptado dicho tratamiento hasta en tanto no realice el tr\u00e1mite de Negativa a Finalidades Secundarias, siguiendo el procedimiento que a continuaci\u00f3n se detalla.<\/span><\/p>\n<p>&nbsp;<\/p>\n<p><span style=\"font-weight: 400;\">As\u00ed mismo los Datos Personales podr\u00e1n ser utilizados para realizar encuestas de calidad de servicio y estudios de efectividad de los servicios que presta <\/span><b>CEECI<\/b><span style=\"font-weight: 400;\"> para el mejoramiento de los mismos.<\/span><\/p>\n<ul>\n<li aria-level=\"1\"><b>DE LA LIMITACI\u00d3N DEL USO DE SUS DATOS PERSONALES.<\/b><\/li>\n<\/ul>\n<p><span style=\"font-weight: 400;\">Con objeto de que usted pueda limitar el uso y divulgaci\u00f3n de su informaci\u00f3n personal, le ofrecemos los siguientes medios:<\/span><\/p>\n<ul>\n<li style=\"font-weight: 400;\" aria-level=\"1\"><span style=\"font-weight: 400;\">Su inscripci\u00f3n en el Registro P\u00fablico para Evitar Publicidad, que est\u00e1 a cargo de la Procuradur\u00eda Federal del Consumidor, con la finalidad de que sus datos personales no sean utilizados para recibir publicidad o promociones de empresas de bienes o servicios. Para mayor informaci\u00f3n sobre este registro, usted puede consultar el portal de Internet de la PROFECO, o bien ponerse en contacto directo con \u00e9sta.<\/span><\/li>\n<li style=\"font-weight: 400;\" aria-level=\"1\"><span style=\"font-weight: 400;\">Su registro en el listado de exclusi\u00f3n \u201c[Negativa de Recepci\u00f3n de Publicidad]\u201d, a fin de que sus datos personales no sean tratados para fines mercadot\u00e9cnicos, publicitarios o de prospecci\u00f3n comercial por nuestra parte. Para mayor informaci\u00f3n llamar al n\u00famero telef\u00f3nico 553 4544693, enviar un correo electr\u00f3nico a la siguiente direcci\u00f3n contacto@ceeci.mx\u00a0 o bien, consultar nuestra p\u00e1gina de Internet Ceeci.mx<\/span><\/li>\n<\/ul>\n<p><b><\/b><\/p>\n<ul>\n<li aria-level=\"1\"><b>DERECHOS ARCO (Acceso, Rectificaci\u00f3n, Cancelaci\u00f3n, Oposici\u00f3n).<\/b><\/li>\n<\/ul>\n<p><span style=\"font-weight: 400;\">Usted puede revocar el consentimiento que, en su caso, nos haya otorgado para el tratamiento de sus datos personales. Sin embargo, es importante que tenga en cuenta que no en todos los casos podremos atender su solicitud o concluir el uso de forma inmediata, ya que es posible que por alguna obligaci\u00f3n legal requieramos seguir tratando sus datos personales. Asimismo, usted deber\u00e1 considerar que para ciertos fines, la revocaci\u00f3n de su consentimiento implica que no le podamos seguir prestando el servicio que nos solicit\u00f3, o la conclusi\u00f3n de su relaci\u00f3n con nosotros.<\/span><\/p>\n<p><span style=\"font-weight: 400;\">Para conocer el procedimiento y requisitos para la revocaci\u00f3n del consentimiento, usted podr\u00e1 llamar al siguiente n\u00famero telef\u00f3nico 553 4544693; ingresar a nuestro sitio de Internet contacto@ceeci.mx o bien ponerse en contacto con nuestro Departamento de Privacidad.<\/span><\/p>\n<p><span style=\"font-weight: 400;\">Este derecho podr\u00e1 ejercerlo directamente el titular, o mediante su representante legal, previa acreditaci\u00f3n de su personalidad. Para revocar su consentimiento deber\u00e1 presentar su solicitud en <\/span><a href=\"mailto:legallyprevent@hotmail.com\"><span style=\"font-weight: 400;\">\u00a0contacto@ceeci.mx <\/span><\/a><span style=\"font-weight: 400;\">, anexe su identificaci\u00f3n oficial esto con la finalidad de corroborar que es titular de los derechos que desea ejercer; nosotros le haremos llegar el formato correspondiente el cual tendr\u00e1n que llenar y remitir mediante correo electr\u00f3nico citado anteriormente.\u00a0 En caso de que este procedimiento sea realizado por su representante legal, adem\u00e1s de la identificaci\u00f3n del titular deber\u00e1 anexar los documentos que acrediten su personalidad.\u00a0<\/span><\/p>\n<p><span style=\"font-weight: 400;\">\u00a0<\/span><\/p>\n<p>&nbsp;<\/p>\n<p><span style=\"font-weight: 400;\">En caso de realizar la solicitud v\u00eda correo electr\u00f3nico, se le informa que de ser requerido por la autoridad o existiere alg\u00fan problema de intereses deber\u00e1 presentarse posteriormente al domicilio indicado a fin de acreditar su personalidad. El plazo para que se atienda su solicitud empezar\u00e1 a computarse a partir del d\u00eda en que su solicitud haya sido recibida por <\/span><b>CEECI<\/b><span style=\"font-weight: 400;\">, y estar\u00e1 indicada en el acuse, (medios f\u00edsicos), o por correo electr\u00f3nico de confirmaci\u00f3n.<\/span><\/p>\n<p><span style=\"font-weight: 400;\">El plazo se\u00f1alado se interrumpir\u00e1 en caso de que <\/span><b>CEECI<\/b><span style=\"font-weight: 400;\"> requiera informaci\u00f3n adicional para poder responder su solicitud. Esto se le informar\u00e1 dentro de los cinco d\u00edas siguientes a la recepci\u00f3n de su solicitud, as\u00ed mismo usted contar\u00e1 con diez d\u00edas para atender el requerimiento, contados a partir del d\u00eda siguiente en que lo haya recibido. De no dar respuesta en dicho plazo, se tendr\u00e1 por no presentada la solicitud correspondiente.<\/span><\/p>\n<p><b>CEECI<\/b><span style=\"font-weight: 400;\">. Se comunicar\u00e1 la respuesta al titular de los derechos o a su representante si aplica, en un plazo m\u00e1ximo de 20 d\u00edas h\u00e1biles contados a partir de la fecha en que se recibe la solicitud, o la contestaci\u00f3n del requerimiento de informaci\u00f3n. La obligaci\u00f3n de Acceso se dar\u00e1 por cumplida cuando <\/span><b>CEECI<\/b><span style=\"font-weight: 400;\"> ponga a su disposici\u00f3n los datos personales solicitados, a trav\u00e9s del medio que haya se\u00f1alado en el formato antes referido. Para la Rectificaci\u00f3n de sus datos personales, deber\u00e1 indicar en la solicitud, que datos personales desea rectificar, as\u00ed como la correcci\u00f3n que desea realizar, adem\u00e1s de acompa\u00f1ar la documentaci\u00f3n que acredite dicho cambio. La Cancelaci\u00f3n de sus datos personales proceder\u00e1 respecto de la totalidad de los datos o solo parte de ellos, seg\u00fan nos lo indique y podr\u00e1 oponerse al tratamiento de sus datos cuando exista causa leg\u00edtima y su situaci\u00f3n espec\u00edfica as\u00ed lo requiera, lo cual deber\u00e1 justificar en la solicitud, recordandole que\u00a0 <\/span><b>CEECI<\/b><span style=\"font-weight: 400;\"> no podr\u00e1 proceder al ejercicio de oposici\u00f3n en aquellos casos en los que el tratamiento sea necesario para el cumplimiento de una obligaci\u00f3n legal impuesta con Usted. Se entender\u00e1 que su solicitud de Derechos ARCO fue debidamente atendida al momento de emitir la respuesta.<\/span><\/p>\n<p><span style=\"font-weight: 400;\">Revocaci\u00f3n del Consentimiento y Limitaci\u00f3n del Uso y Divulgaci\u00f3n de Datos Personales.<\/span><\/p>\n<p><span style=\"font-weight: 400;\">Usted puede revocar el consentimiento que, en su caso, nos haya otorgado para el tratamiento de sus datos personales; sin embargo, es importante que tenga en cuenta que no en todos los casos podremos atender su solicitud o concluir el uso de forma inmediata, ya que es posible que por alguna obligaci\u00f3n legal requiramos seguir tratando sus datos personales. Asimismo, usted deber\u00e1 considerar que para ciertos fines, la revocaci\u00f3n de su consentimiento implica que no le podamos seguir prestando el servicio relativo al seguro que contrat\u00f3 o la conclusi\u00f3n de su relaci\u00f3n con nosotros.<\/span><\/p>\n<p><span style=\"font-weight: 400;\">La revocaci\u00f3n del consentimiento, deber\u00e1 realizarse por medio de escrito libre el cual debe contener: nombre completo, domicilio o correo electr\u00f3nico, para poder notificarle la respuesta, anexando los documentos que acrediten su identificaci\u00f3n, si se realiza mediante un representante legal, deber\u00e1 identificarse o acreditarse correctamente. Deber\u00e1 indicar en el escrito la descripci\u00f3n clara y precisa de los datos personales respecto a los que desea revocar su consentimiento.<\/span><\/p>\n<p><span style=\"font-weight: 400;\">Se entender\u00e1 que su solicitud de Revocaci\u00f3n del Consentimiento fue debidamente atendida al momento de emitir la respuesta.<\/span><\/p>\n<p><span style=\"font-weight: 400;\">Adem\u00e1s del ejercicio de tus derechos de Revocaci\u00f3n, podr\u00e1 limitar el uso o divulgaci\u00f3n de sus datos personales, mediante su inscripci\u00f3n en el Registro P\u00fablico de Usuarios (REUS), que est\u00e1 a cargo de la Comisi\u00f3n Nacional de Defensa de Usuarios de Servicios Financieros (CONDUSEF), con la finalidad de que sus datos personales no sean utilizados para fines mercadot\u00e9cnicos o publicitarios. Para mayor informaci\u00f3n sobre este registro, usted puede consultar la p\u00e1gina de la CONDUSEF, o bien ponerse en contacto directo con \u00e9sta.<\/span><\/p>\n<ul>\n<li aria-level=\"1\"><b>USO DE APLICACI\u00d3NES MOVILES (APPS) y COOKIES (P\u00c1GINA DE INTERNET).<\/b><\/li>\n<\/ul>\n<p><span style=\"font-weight: 400;\">Una cookie es una breve informaci\u00f3n que el portal de Internet env\u00eda a tu computadora, la cual queda almacenada en el disco duro. Durante la navegaci\u00f3n en la Web, <\/span><b>CEECI<\/b><span style=\"font-weight: 400;\">, podr\u00e1 recabar y almacenar informaci\u00f3n de su Dispositivo, para generar estad\u00edsticas de uso que nos permitan mejorar los productos o servicios y dar un mejor servicio, y para operaciones de soporte y mantenimiento. La pr\u00f3xima vez que ingrese a nuestro portal, podremos usar la informaci\u00f3n almacenada en la cookie para facilitarle el uso de nuestro sitio de Internet. Por ejemplo, podemos usar la cookie para almacenar una contrase\u00f1a para que no tenga que ingresarla de nuevo cada vez que se traslade a una secci\u00f3n diferente de nuestro portal de Internet. Una cookie no nos permite conocer su identidad personal a menos que expresamente elija proporcion\u00e1rnosla. La mayor\u00eda de las cookies expiran despu\u00e9s de un periodo determinado de tiempo, o bien, puede borrarla en el momento en que lo desee de su explorador, siguiendo las instrucciones del navegador de internet. Asimismo, puede hacer que el navegador le avise cuando reciba una cookie de manera que pueda aceptarla o rechazarla, siguiendo las instrucciones del navegador de internet.<\/span><\/p>\n<ul>\n<li aria-level=\"1\"><b>DISPOSICI\u00d3N DEL AVISO DE PRIVACIDAD Y SUS MODIFICACIONES.<\/b><\/li>\n<\/ul>\n<p><span style=\"font-weight: 400;\">El presente puede sufrir modificaciones, cambios o actualizaciones derivadas de nuevos requerimientos legales. El presente Aviso, as\u00ed como sus modificaciones, estar\u00e1n a su disposici\u00f3n en la p\u00e1gina <\/span><a href=\"https:\/\/ceeci.mx\/\"><span style=\"font-weight: 400;\">ceeci.mx<\/span><\/a><span style=\"font-weight: 400;\">\u00a0<\/span><\/p>\n<p><span style=\"font-weight: 400;\">En caso de alguna inquietud respecto del tratamiento de datos personales, puedes consultar al Instituto Nacional de Transparencia, Acceso a la Informaci\u00f3n y Protecci\u00f3n de Datos Personales (INAI) en www.inai.org.mx<\/span><\/p>\n<p><br style=\"font-weight: 400;\" \/><br style=\"font-weight: 400;\" \/><\/p>\n<p>[\/et_pb_text][\/et_pb_column][\/et_pb_row][\/et_pb_section][et_pb_section fb_built=&#8221;1&#8243; admin_label=&#8221;Footer&#8221; _builder_version=&#8221;4.18.0&#8243; _module_preset=&#8221;default&#8221; background_color=&#8221;gcid-2cf18f4b-ad1d-4daf-a40a-75be4919065f&#8221; saved_tabs=&#8221;all&#8221; collapsed=&#8221;on&#8221; global_colors_info=&#8221;{%22gcid-2cf18f4b-ad1d-4daf-a40a-75be4919065f%22:%91%22background_color%22%93}&#8221; theme_builder_area=&#8221;post_content&#8221;][\/et_pb_section]<\/p>\n","protected":false},"excerpt":{"rendered":"<p>CEECIAVISO DE PRIVACIDADIDENTIDAD DEL RESPONSABLE. CEECI, cumple con el manejo leg\u00edtimo, controlado, seguro y responsable de sus \u201cDatos Personales\u201d, a fin de dar cumplimiento a lo establecido en la Ley Federal de Protecci\u00f3n de Datos Personales en Posesi\u00f3n de los Particulares y su reglamento, en lo sucesivo la legislaci\u00f3n aplicable, con domicilio en\u00a0Bulevar Atlixcayotl 1499, [&hellip;]<\/p>\n","protected":false},"author":1,"featured_media":0,"parent":0,"menu_order":0,"comment_status":"closed","ping_status":"closed","template":"","meta":{"_et_pb_use_builder":"on","_et_pb_old_content":"","_et_gb_content_width":"","footnotes":""},"class_list":["post-156","page","type-page","status-publish","hentry"],"_links":{"self":[{"href":"https:\/\/ceeci.mx\/servicios\/wp-json\/wp\/v2\/pages\/156","targetHints":{"allow":["GET"]}}],"collection":[{"href":"https:\/\/ceeci.mx\/servicios\/wp-json\/wp\/v2\/pages"}],"about":[{"href":"https:\/\/ceeci.mx\/servicios\/wp-json\/wp\/v2\/types\/page"}],"author":[{"embeddable":true,"href":"https:\/\/ceeci.mx\/servicios\/wp-json\/wp\/v2\/users\/1"}],"replies":[{"embeddable":true,"href":"https:\/\/ceeci.mx\/servicios\/wp-json\/wp\/v2\/comments?post=156"}],"version-history":[{"count":4,"href":"https:\/\/ceeci.mx\/servicios\/wp-json\/wp\/v2\/pages\/156\/revisions"}],"predecessor-version":[{"id":162,"href":"https:\/\/ceeci.mx\/servicios\/wp-json\/wp\/v2\/pages\/156\/revisions\/162"}],"wp:attachment":[{"href":"https:\/\/ceeci.mx\/servicios\/wp-json\/wp\/v2\/media?parent=156"}],"curies":[{"name":"wp","href":"https:\/\/api.w.org\/{rel}","templated":true}]}}